{"id":433,"date":"2024-05-29T08:18:02","date_gmt":"2024-05-29T06:18:02","guid":{"rendered":"https:\/\/etetak.org\/inicio\/"},"modified":"2025-12-10T11:46:47","modified_gmt":"2025-12-10T10:46:47","slug":"inicio","status":"publish","type":"page","link":"https:\/\/etetak.org\/es\/","title":{"rendered":"Inicio"},"content":{"rendered":"<div class=\"wpb-content-wrapper\"><p>[vc_row css_animation=\u00bb\u00bb row_type=\u00bbrow\u00bb use_row_as_full_screen_section=\u00bbno\u00bb type=\u00bbfull_width\u00bb angled_section=\u00bbno\u00bb text_align=\u00bbleft\u00bb background_image_as_pattern=\u00bbwithout_pattern\u00bb][vc_column offset=\u00bbvc_hidden-sm vc_hidden-xs\u00bb][vc_single_image image=\u00bb310&#8243; img_size=\u00bbfull\u00bb css=\u00bb\u00bb qode_css_animation=\u00bb\u00bb][\/vc_column][\/vc_row][vc_row css_animation=\u00bb\u00bb row_type=\u00bbrow\u00bb use_row_as_full_screen_section=\u00bbno\u00bb type=\u00bbfull_width\u00bb angled_section=\u00bbno\u00bb text_align=\u00bbleft\u00bb background_image_as_pattern=\u00bbwithout_pattern\u00bb][vc_column offset=\u00bbvc_hidden-sm vc_hidden-xs\u00bb][vc_empty_space height=\u00bb50px\u00bb][vc_column_text css=\u00bb\u00bb]<\/p>\n<h2 style=\"text-align: center;\">Una ventana abierta a <strong>las oportunidades<\/strong> .<\/h2>\n<p>[\/vc_column_text][vc_column_text css=\u00bb\u00bb]<\/p>\n<h3 style=\"text-align: center;\">Damos una oportunidad a las ni\u00f1as y ni\u00f1os del barrio de Etetak,<\/h3>\n<h3 style=\"text-align: center;\">Camer\u00fan, para que se sientan orgullosos de d\u00f3nde han nacido.<\/h3>\n<p>[\/vc_column_text][vc_empty_space height=\u00bb50px\u00bb][\/vc_column][\/vc_row][vc_row css_animation=\u00bb\u00bb row_type=\u00bbrow\u00bb use_row_as_full_screen_section=\u00bbno\u00bb type=\u00bbfull_width\u00bb angled_section=\u00bbno\u00bb text_align=\u00bbleft\u00bb background_image_as_pattern=\u00bbwithout_pattern\u00bb z_index=\u00bb\u00bb][vc_column offset=\u00bbvc_hidden-lg vc_hidden-md\u00bb][vc_single_image image=\u00bb352&#8243; img_size=\u00bbfull\u00bb css=\u00bb\u00bb qode_css_animation=\u00bb\u00bb][vc_row_inner row_type=\u00bbrow\u00bb type=\u00bbfull_width\u00bb text_align=\u00bbleft\u00bb css_animation=\u00bb\u00bb css=\u00bb.vc_custom_1718609547953{margin-right: 5px !important;margin-left: 5px !important;}\u00bb][vc_column_inner][vc_empty_space height=\u00bb30px\u00bb][vc_column_text css=\u00bb\u00bb]<\/p>\n<h2 style=\"text-align: center;\">Una ventana abierta a <strong>las oportunidades<\/strong> .<\/h2>\n<p>[\/vc_column_text][vc_column_text css=\u00bb\u00bb]<\/p>\n<h3 style=\"text-align: center;\">Damos una oportunidad a las ni\u00f1as y ni\u00f1os del barrio de Etetak,<\/h3>\n<h3 style=\"text-align: center;\">Camer\u00fan, para que se sientan orgullosos de d\u00f3nde han nacido.<\/h3>\n<p>[\/vc_column_text][vc_empty_space height=\u00bb30px\u00bb][\/vc_column_inner][\/vc_row_inner][\/vc_column][\/vc_row][vc_row css_animation=\u00bb\u00bb row_type=\u00bbrow\u00bb use_row_as_full_screen_section=\u00bbno\u00bb type=\u00bbfull_width\u00bb angled_section=\u00bbno\u00bb text_align=\u00bbleft\u00bb background_image_as_pattern=\u00bbwithout_pattern\u00bb z_index=\u00bb\u00bb anchor=\u00bbnosaltres\u00bb][vc_column offset=\u00bbvc_hidden-sm vc_hidden-xs\u00bb][qode_elements_holder number_of_columns=\u00bbtwo_columns\u00bb][qode_elements_holder_item cover=\u00bbyes\u00bb advanced_animations=\u00bbno\u00bb item_padding=\u00bb60px 100px\u00bb item_padding_1280_1440=\u00bb90px\u00bb item_padding_1024_1280=\u00bb80px\u00bb item_padding_768_1024=\u00bb60px\u00bb item_padding_600_768=\u00bb90px\u00bb item_padding_480_600=\u00bb90px 40px\u00bb item_padding_480=\u00bb90px 40px\u00bb custom_class=\u00bbbg-custom-hover-c\u00bb background_color=\u00bb#ededed\u00bb background_image=\u00bb28&#8243;][\/qode_elements_holder_item][qode_elements_holder_item cover=\u00bbyes\u00bb advanced_animations=\u00bbno\u00bb background_image=\u00bb968&#8243; item_padding=\u00bb100px 150px\u00bb item_padding_1280_1440=\u00bb90px\u00bb item_padding_1024_1280=\u00bb80px\u00bb item_padding_768_1024=\u00bb60px\u00bb item_padding_600_768=\u00bb90px\u00bb item_padding_480_600=\u00bb90px 40px\u00bb item_padding_480=\u00bb90px 40px\u00bb custom_class=\u00bbbg-custom-hover-c\u00bb background_color=\u00bb#00c4b3&#8243;][vc_empty_space height=\u00bb30px\u00bb]<div class=\"qode_vertical_separator\" style=\"height: 70px;width: 2px;background-color: #132129\">\n<\/div>[vc_empty_space height=\u00bb30px\u00bb][vc_column_text css=\u00bb\u00bb]<\/p>\n<p style=\"text-align: justify; color: #132129;\">Bienvenidos a <strong>Educaci\u00f3n + Sanidad por Etetak<\/strong> , una asociaci\u00f3n comprometida con <strong>el futuro de los ni\u00f1os y ni\u00f1as de Camer\u00fan<\/strong> . Nuestra misi\u00f3n es proporcionar una educaci\u00f3n completa y asistencia sanitaria de calidad a los habitantes del barrio de Etetak, contribuyendo a un desarrollo integral y sostenible de la comunidad.<\/p>\n<p>&nbsp;<\/p>\n<p style=\"text-align: justify; color: #132129;\">A trav\u00e9s de nuestro programa, ofrecemos <strong>escolarizaci\u00f3n con titulaci\u00f3n<\/strong> para asegurar que los ni\u00f1os y ni\u00f1as con riesgo de exclusi\u00f3n social tengan acceso a una educaci\u00f3n de calidad que les ayude a construir un futuro prometedor. Adem\u00e1s, proporcionamos <strong>asistencia m\u00e9dica gratuita<\/strong> para garantizar la salud y bienestar de estos ni\u00f1os.<\/p>\n<p>&nbsp;<\/p>\n<p style=\"text-align: justify; color: #132129;\">Adem\u00e1s de la educaci\u00f3n y la sanidad, tambi\u00e9n nos preocupamos por <strong>el medio ambiente y la higiene del barrio<\/strong> . Por eso llevamos a cabo iniciativas de limpieza del barrio y promovemos pr\u00e1cticas de higiene saludables para mejorar la calidad de vida de los habitantes.<\/p>\n<p>&nbsp;<\/p>\n<p style=\"text-align: justify; color: #132129;\">Tambi\u00e9n apoyamos a los j\u00f3venes para que aprendan un <strong>oficio<\/strong> , proporcion\u00e1ndoles las habilidades y recursos necesarios para conseguir el \u00e9xito profesional y contribuir al desarrollo econ\u00f3mico del barrio.<\/p>\n<p>&nbsp;<\/p>\n<p style=\"text-align: justify; color: #132129;\">Con nuestro trabajo, aspiramos a crear un entorno en el que los ni\u00f1os y ni\u00f1as de Etetak se sientan <strong>queridos, seguros y capacitados<\/strong> para alcanzar sus sue\u00f1os, evitando as\u00ed la migraci\u00f3n hacia otros lugares. Estamos comprometidos a construir un mejor futuro para todos los miembros de nuestra comunidad. Acomp\u00e1\u00f1enos en esta importante misi\u00f3n para <strong>hacer de Etetak un lugar donde todos puedan crecer y prosperar<\/strong> . Gracias por su apoyo.<\/p>\n<p>[\/vc_column_text][vc_empty_space height=\u00bb30px\u00bb]<div class=\"qode_vertical_separator\" style=\"height: 70px;width: 2px;background-color: #132129\">\n<\/div>[vc_empty_space height=\u00bb30px\u00bb][\/qode_elements_holder_item][\/qode_elements_holder][\/vc_column][\/vc_row][vc_row css_animation=\u00bb\u00bb row_type=\u00bbrow\u00bb use_row_as_full_screen_section=\u00bbno\u00bb type=\u00bbfull_width\u00bb angled_section=\u00bbno\u00bb text_align=\u00bbleft\u00bb background_image_as_pattern=\u00bbwithout_pattern\u00bb z_index=\u00bb\u00bb background_color=\u00bb#00c4b3&#8243;][vc_column offset=\u00bbvc_hidden-lg vc_hidden-md\u00bb][vc_single_image image=\u00bb311&#8243; img_size=\u00bbfull\u00bb css=\u00bb\u00bb qode_css_animation=\u00bb\u00bb][vc_row_inner row_type=\u00bbrow\u00bb type=\u00bbfull_width\u00bb text_align=\u00bbleft\u00bb css_animation=\u00bb\u00bb css=\u00bb.vc_custom_1718609547953{margin-right: 5px !important;margin-left: 5px !important;}\u00bb][vc_column_inner][vc_empty_space height=\u00bb30px\u00bb][vc_column_text css=\u00bb\u00bb]<\/p>\n<p style=\"text-align: justify; color: #132129;\">Bienvenidos a <strong>Educaci\u00f3n + Sanidad por Etetak<\/strong> , una asociaci\u00f3n comprometida con <strong>el futuro de los ni\u00f1os y ni\u00f1as de Camer\u00fan<\/strong> . Nuestra misi\u00f3n es proporcionar una educaci\u00f3n completa y asistencia sanitaria de calidad a los habitantes del barrio de Etetak, contribuyendo a un desarrollo integral y sostenible de la comunidad.<\/p>\n<p>&nbsp;<\/p>\n<p style=\"text-align: justify; color: #132129;\">A trav\u00e9s de nuestro programa, ofrecemos <strong>escolarizaci\u00f3n con titulaci\u00f3n<\/strong> para asegurar que los ni\u00f1os y ni\u00f1as con riesgo de exclusi\u00f3n social tengan acceso a una educaci\u00f3n de calidad que les ayude a construir un futuro prometedor. Adem\u00e1s, proporcionamos <strong>asistencia m\u00e9dica gratuita<\/strong> para garantizar la salud y bienestar de estos ni\u00f1os.<\/p>\n<p>&nbsp;<\/p>\n<p style=\"text-align: justify; color: #132129;\">Adem\u00e1s de la educaci\u00f3n y la sanidad, tambi\u00e9n nos preocupamos por <strong>el medio ambiente y la higiene del barrio<\/strong> . Por eso llevamos a cabo iniciativas de limpieza del barrio y promovemos pr\u00e1cticas de higiene saludables para mejorar la calidad de vida de los habitantes.<\/p>\n<p>&nbsp;<\/p>\n<p style=\"text-align: justify; color: #132129;\">Tambi\u00e9n apoyamos a los j\u00f3venes para que aprendan un <strong>oficio<\/strong> , proporcion\u00e1ndoles las habilidades y recursos necesarios para conseguir el \u00e9xito profesional y contribuir al desarrollo econ\u00f3mico del barrio.<\/p>\n<p>&nbsp;<\/p>\n<p style=\"text-align: justify; color: #132129;\">Con nuestro trabajo, aspiramos a crear un entorno en el que los ni\u00f1os y ni\u00f1as de Etetak se sientan <strong>queridos, seguros y capacitados<\/strong> para alcanzar sus sue\u00f1os, evitando as\u00ed la migraci\u00f3n hacia otros lugares. Estamos comprometidos a construir un mejor futuro para todos los miembros de nuestra comunidad. Acomp\u00e1\u00f1enos en esta importante misi\u00f3n para <strong>hacer de Etetak un lugar donde todos puedan crecer y prosperar<\/strong> . Gracias por su apoyo.<\/p>\n<p>[\/vc_column_text][vc_empty_space height=\u00bb30px\u00bb][\/vc_column_inner][\/vc_row_inner][\/vc_column][\/vc_row][vc_row css_animation=\u00bb\u00bb row_type=\u00bbrow\u00bb use_row_as_full_screen_section=\u00bbno\u00bb type=\u00bbfull_width\u00bb angled_section=\u00bbno\u00bb text_align=\u00bbleft\u00bb background_image_as_pattern=\u00bbwithout_pattern\u00bb z_index=\u00bb\u00bb][vc_column offset=\u00bbvc_hidden-lg vc_hidden-md\u00bb][vc_single_image image=\u00bb312&#8243; img_size=\u00bbfull\u00bb css=\u00bb\u00bb qode_css_animation=\u00bb\u00bb][vc_row_inner row_type=\u00bbrow\u00bb type=\u00bbfull_width\u00bb text_align=\u00bbleft\u00bb css_animation=\u00bb\u00bb css=\u00bb.vc_custom_1718609547953{margin-right: 5px !important;margin-left: 5px !important;}\u00bb][vc_column_inner][vc_empty_space height=\u00bb30px\u00bb][vc_column_text css=\u00bb\u00bb]<\/p>\n<h2 style=\"text-align: left;\">Un Compromiso con el <strong>Futuro<\/strong><\/h2>\n<p>[\/vc_column_text][vc_empty_space height=\u00bb30px\u00bb][vc_column_text css=\u00bb\u00bb]<\/p>\n<p style=\"text-align: justify;\">Cabe destacar que en Camer\u00fan la educaci\u00f3n y la sanidad es de pago. Nuestra misi\u00f3n es clara: garantizar que todos los ni\u00f1os y ni\u00f1as tengan acceso a una educaci\u00f3n de calidad y que los adultos analfabetos tengan la oportunidad de aprender a leer y escribir. Creemos firmemente que la educaci\u00f3n es la clave para romper el ciclo de la pobreza y construir un futuro mejor para todos.<\/p>\n<p>&nbsp;<\/p>\n<p style=\"text-align: justify;\"><strong>Nuestros Programas<\/strong><\/p>\n<p>&nbsp;<\/p>\n<p style=\"text-align: justify;\">Escolarizaci\u00f3n para Ni\u00f1os en Riesgo. Muchos ni\u00f1os y ni\u00f1as en Etetak viven en situaciones de vulnerabilidad que dificultan su acceso a la educaci\u00f3n. Nuestra asociaci\u00f3n ofrece apoyo escolar para asegurar que estos ni\u00f1os no se queden atr\u00e1s. Este soporte incluye clases de educaci\u00f3n infantil, educaci\u00f3n primaria y educaci\u00f3n secundaria para poder conseguir la titulaci\u00f3n oficial del pa\u00eds.<\/p>\n<p>&nbsp;<\/p>\n<p style=\"text-align: justify;\">\u2022 <strong>Materiales Escolares:<\/strong> Proveemos de libros, uniformes, y otros materiales necesarios para el desarrollo escolar.<br \/>\n\u2022 <strong>Asesoramiento Psicol\u00f3gico:<\/strong> Ofrecemos apoyo emocional y psicol\u00f3gico para ayudar a los ni\u00f1os a superar las dificultades que puedan afectar a su aprendizaje.<\/p>\n<p>&nbsp;<\/p>\n<p style=\"text-align: justify;\"><strong>Alfabetizaci\u00f3n para Adultos:<\/strong> En muchos casos, los adultos del barrio no han tenido la oportunidad de aprender a leer y escribir. Por eso, ofrecemos clases de alfabetizaci\u00f3n dos veces por semana, con el objetivo de proporcionarles las herramientas necesarias para mejorar su calidad de vida y contribuir al desarrollo de la comunidad.<\/p>\n<p>[\/vc_column_text][vc_empty_space height=\u00bb30px\u00bb][vc_gallery type=\u00bbflexslider_slide\u00bb interval=\u00bb3&#8243; images=\u00bb342,340,338,326,348&#8243; img_size=\u00bbfull\u00bb css=\u00bb\u00bb direction_nav=\u00bbno\u00bb control_nav=\u00bbno\u00bb][vc_empty_space height=\u00bb30px\u00bb][\/vc_column_inner][\/vc_row_inner][\/vc_column][\/vc_row][vc_row css_animation=\u00bb\u00bb row_type=\u00bbrow\u00bb use_row_as_full_screen_section=\u00bbno\u00bb type=\u00bbfull_width\u00bb angled_section=\u00bbno\u00bb text_align=\u00bbleft\u00bb background_image_as_pattern=\u00bbwithout_pattern\u00bb z_index=\u00bb\u00bb anchor=\u00bbeducacio\u00bb][vc_column offset=\u00bbvc_hidden-sm vc_hidden-xs\u00bb][qode_elements_holder number_of_columns=\u00bbtwo_columns\u00bb][qode_elements_holder_item cover=\u00bbyes\u00bb advanced_animations=\u00bbno\u00bb background_image=\u00bb968&#8243; item_padding=\u00bb100px 150px\u00bb item_padding_1280_1440=\u00bb90px\u00bb item_padding_1024_1280=\u00bb80px\u00bb item_padding_768_1024=\u00bb60px\u00bb item_padding_600_768=\u00bb90px\u00bb item_padding_480_600=\u00bb90px 40px\u00bb item_padding_480=\u00bb90px 40px\u00bb custom_class=\u00bbbg-custom-hover-c\u00bb background_color=\u00bb#132129&#8243;][vc_empty_space height=\u00bb30px\u00bb]<div class=\"qode_vertical_separator\" style=\"height: 70px;width: 2px;background-color: #00c4b3\">\n<\/div>[vc_empty_space height=\u00bb30px\u00bb][vc_column_text css=\u00bb\u00bb]<\/p>\n<h2 style=\"text-align: left;\">Un Compromiso con el <strong>Futuro<\/strong><\/h2>\n<p>[\/vc_column_text][vc_empty_space height=\u00bb30px\u00bb][vc_column_text css=\u00bb\u00bb]<\/p>\n<p style=\"text-align: justify;\">Cabe destacar que en Camer\u00fan la educaci\u00f3n y la sanidad es de pago. Nuestra misi\u00f3n es clara: garantizar que todos los ni\u00f1os y ni\u00f1as tengan acceso a una educaci\u00f3n de calidad y que los adultos analfabetos tengan la oportunidad de aprender a leer y escribir. Creemos firmemente que la educaci\u00f3n es la clave para romper el ciclo de la pobreza y construir un futuro mejor para todos.<\/p>\n<p>&nbsp;<\/p>\n<p style=\"text-align: justify;\"><strong>Nuestros Programas<\/strong><\/p>\n<p>&nbsp;<\/p>\n<p style=\"text-align: justify;\">Escolarizaci\u00f3n para Ni\u00f1os en Riesgo. Muchos ni\u00f1os y ni\u00f1as en Etetak viven en situaciones de vulnerabilidad que dificultan su acceso a la educaci\u00f3n. Nuestra asociaci\u00f3n ofrece apoyo escolar para asegurar que estos ni\u00f1os no se queden atr\u00e1s. Este soporte incluye clases de educaci\u00f3n infantil, educaci\u00f3n primaria y educaci\u00f3n secundaria para poder conseguir la titulaci\u00f3n oficial del pa\u00eds.<\/p>\n<p>&nbsp;<\/p>\n<p style=\"text-align: justify;\">\u2022 <strong>Materiales Escolares:<\/strong> Proveemos de libros, uniformes, y otros materiales necesarios para el desarrollo escolar.<br \/>\n\u2022 <strong>Asesoramiento Psicol\u00f3gico:<\/strong> Ofrecemos apoyo emocional y psicol\u00f3gico para ayudar a los ni\u00f1os a superar las dificultades que puedan afectar a su aprendizaje.<\/p>\n<p>&nbsp;<\/p>\n<p style=\"text-align: justify;\"><strong>Alfabetizaci\u00f3n para Adultos:<\/strong> En muchos casos, los adultos del barrio no han tenido la oportunidad de aprender a leer y escribir. Por eso, ofrecemos clases de alfabetizaci\u00f3n dos veces por semana, con el objetivo de proporcionarles las herramientas necesarias para mejorar su calidad de vida y contribuir al desarrollo de la comunidad.<\/p>\n<p>[\/vc_column_text][vc_empty_space height=\u00bb30px\u00bb]<div class=\"qode_vertical_separator\" style=\"height: 70px;width: 2px;background-color: #00c4b3\">\n<\/div>[vc_empty_space height=\u00bb30px\u00bb][\/qode_elements_holder_item][qode_elements_holder_item cover=\u00bbyes\u00bb advanced_animations=\u00bbno\u00bb item_padding=\u00bb60px 100px\u00bb item_padding_1280_1440=\u00bb90px\u00bb item_padding_1024_1280=\u00bb80px\u00bb item_padding_768_1024=\u00bb60px\u00bb item_padding_600_768=\u00bb90px\u00bb item_padding_480_600=\u00bb90px 40px\u00bb item_padding_480=\u00bb90px 40px\u00bb custom_class=\u00bbbg-custom-hover-c\u00bb background_color=\u00bb#ededed\u00bb background_image=\u00bb31&#8243;][\/qode_elements_holder_item][\/qode_elements_holder][vc_gallery type=\u00bbimage_grid\u00bb images=\u00bb342,340,338,326,348&#8243; img_size=\u00bbfull\u00bb css=\u00bb\u00bb column_number=\u00bb5&#8243; grayscale=\u00bbno\u00bb images_space=\u00bbgallery_without_space\u00bb][\/vc_column][\/vc_row][vc_row css_animation=\u00bb\u00bb row_type=\u00bbrow\u00bb use_row_as_full_screen_section=\u00bbno\u00bb type=\u00bbfull_width\u00bb angled_section=\u00bbno\u00bb text_align=\u00bbleft\u00bb background_image_as_pattern=\u00bbwithout_pattern\u00bb z_index=\u00bb\u00bb][vc_column offset=\u00bbvc_hidden-lg vc_hidden-md\u00bb][vc_single_image image=\u00bb313&#8243; img_size=\u00bbfull\u00bb css=\u00bb\u00bb qode_css_animation=\u00bb\u00bb][vc_row_inner row_type=\u00bbrow\u00bb type=\u00bbfull_width\u00bb text_align=\u00bbleft\u00bb css_animation=\u00bb\u00bb css=\u00bb.vc_custom_1718609547953{margin-right: 5px !important;margin-left: 5px !important;}\u00bb][vc_column_inner][vc_empty_space height=\u00bb30px\u00bb][vc_column_text css=\u00bb\u00bb]<\/p>\n<h2 style=\"text-align: left;\">Atenci\u00f3n Sanitaria <strong>Gratuita<\/strong><\/h2>\n<p>[\/vc_column_text][vc_empty_space height=\u00bb30px\u00bb][vc_column_text css=\u00bb\u00bb]<\/p>\n<p style=\"text-align: justify;\">Entendemos que una buena salud es esencial para el aprendizaje y el desarrollo. Por eso, hemos establecido servicios sanitarios gratuitos para nuestros ni\u00f1os y ni\u00f1as escolarizados. Con la ayuda de los medicamentos que aportamos, hemos creado una farmacia en el barrio.<\/p>\n<p>&nbsp;<\/p>\n<p style=\"text-align: justify;\"><strong>La Farmacia Comunitaria<\/strong><\/p>\n<p>&nbsp;<\/p>\n<p style=\"text-align: justify;\">Nuestra farmacia, controlada altruistamente por el dr. Meli, ofrece medicamentos y atenci\u00f3n m\u00e9dica esenciales a toda la comunidad. Los servicios incluyen:<\/p>\n<p>&nbsp;<\/p>\n<p style=\"text-align: justify;\"><strong>\u2022 Suministro de Medicamentos:<\/strong> Proveemos medicamentos esenciales de forma gratuita para ni\u00f1os y familias necesitadas ya que en \u00c1frica son de pago.<br \/>\n\u2022 <strong>Consultas M\u00e9dicas:<\/strong> El dr. Meli ofrece consultas m\u00e9dicas regulares, asegurando que los ni\u00f1os y ni\u00f1as reciban la atenci\u00f3n necesaria para mantenerse saludable.<br \/>\n\u2022 <strong>Educaci\u00f3n Sanitaria:<\/strong> Organizamos talleres y charlas para educar a la comunidad sobre pr\u00e1cticas de salud e higiene.<\/p>\n<p>[\/vc_column_text][vc_empty_space height=\u00bb30px\u00bb][vc_gallery type=\u00bbflexslider_slide\u00bb interval=\u00bb3&#8243; images=\u00bb345,328,334,346,344&#8243; img_size=\u00bbfull\u00bb css=\u00bb\u00bb direction_nav=\u00bbno\u00bb control_nav=\u00bbno\u00bb][vc_empty_space height=\u00bb30px\u00bb][\/vc_column_inner][\/vc_row_inner][\/vc_column][\/vc_row][vc_row css_animation=\u00bb\u00bb row_type=\u00bbrow\u00bb use_row_as_full_screen_section=\u00bbno\u00bb type=\u00bbfull_width\u00bb angled_section=\u00bbno\u00bb text_align=\u00bbleft\u00bb background_image_as_pattern=\u00bbwithout_pattern\u00bb z_index=\u00bb\u00bb anchor=\u00bbsanitat\u00bb][vc_column offset=\u00bbvc_hidden-sm vc_hidden-xs\u00bb][qode_elements_holder number_of_columns=\u00bbtwo_columns\u00bb][qode_elements_holder_item cover=\u00bbyes\u00bb advanced_animations=\u00bbno\u00bb item_padding=\u00bb60px 100px\u00bb item_padding_1280_1440=\u00bb90px\u00bb item_padding_1024_1280=\u00bb80px\u00bb item_padding_768_1024=\u00bb60px\u00bb item_padding_600_768=\u00bb90px\u00bb item_padding_480_600=\u00bb90px 40px\u00bb item_padding_480=\u00bb90px 40px\u00bb custom_class=\u00bbbg-custom-hover-c\u00bb background_color=\u00bb#ededed\u00bb background_image=\u00bb32&#8243;][\/qode_elements_holder_item][qode_elements_holder_item cover=\u00bbyes\u00bb advanced_animations=\u00bbno\u00bb background_image=\u00bb968&#8243; item_padding=\u00bb100px 150px\u00bb item_padding_1280_1440=\u00bb90px\u00bb item_padding_1024_1280=\u00bb80px\u00bb item_padding_768_1024=\u00bb60px\u00bb item_padding_600_768=\u00bb90px\u00bb item_padding_480_600=\u00bb90px 40px\u00bb item_padding_480=\u00bb90px 40px\u00bb custom_class=\u00bbbg-custom-hover-c\u00bb background_color=\u00bb#132129&#8243;][vc_empty_space height=\u00bb30px\u00bb]<div class=\"qode_vertical_separator\" style=\"height: 70px;width: 2px;background-color: #00c4b3\">\n<\/div>[vc_empty_space height=\u00bb30px\u00bb][vc_column_text css=\u00bb\u00bb]<\/p>\n<h2 style=\"text-align: left;\">Atenci\u00f3n Sanitaria <strong>Gratuita<\/strong><\/h2>\n<p>[\/vc_column_text][vc_empty_space height=\u00bb30px\u00bb][vc_column_text css=\u00bb\u00bb]<\/p>\n<p style=\"text-align: justify;\">Entendemos que una buena salud es esencial para el aprendizaje y el desarrollo. Por eso, hemos establecido servicios sanitarios gratuitos para nuestros ni\u00f1os y ni\u00f1as escolarizados. Con la ayuda de los medicamentos que aportamos, hemos creado una farmacia en el barrio.<\/p>\n<p>&nbsp;<\/p>\n<p style=\"text-align: justify;\"><strong>La Farmacia Comunitaria<\/strong><\/p>\n<p>&nbsp;<\/p>\n<p style=\"text-align: justify;\">Nuestra farmacia, controlada altruistamente por el dr. Meli, ofrece medicamentos y atenci\u00f3n m\u00e9dica esenciales a toda la comunidad. Los servicios incluyen:<\/p>\n<p>&nbsp;<\/p>\n<p style=\"text-align: justify;\"><strong>\u2022 Suministro de Medicamentos:<\/strong> Proveemos medicamentos esenciales de forma gratuita para ni\u00f1os y familias necesitadas ya que en \u00c1frica son de pago.<br \/>\n\u2022 <strong>Consultas M\u00e9dicas:<\/strong> El dr. Meli ofrece consultas m\u00e9dicas regulares, asegurando que los ni\u00f1os y ni\u00f1as reciban la atenci\u00f3n necesaria para mantenerse saludable.<br \/>\n\u2022 <strong>Educaci\u00f3n Sanitaria:<\/strong> Organizamos talleres y charlas para educar a la comunidad sobre pr\u00e1cticas de salud e higiene.<\/p>\n<p>[\/vc_column_text][vc_empty_space height=\u00bb30px\u00bb]<div class=\"qode_vertical_separator\" style=\"height: 70px;width: 2px;background-color: #00c4b3\">\n<\/div>[vc_empty_space height=\u00bb30px\u00bb][\/qode_elements_holder_item][\/qode_elements_holder][vc_gallery type=\u00bbimage_grid\u00bb images=\u00bb345,328,334,346,344&#8243; img_size=\u00bbfull\u00bb css=\u00bb\u00bb column_number=\u00bb5&#8243; grayscale=\u00bbno\u00bb images_space=\u00bbgallery_without_space\u00bb][\/vc_column][\/vc_row][vc_row css_animation=\u00bb\u00bb row_type=\u00bbrow\u00bb use_row_as_full_screen_section=\u00bbno\u00bb type=\u00bbfull_width\u00bb angled_section=\u00bbno\u00bb text_align=\u00bbleft\u00bb background_image_as_pattern=\u00bbwithout_pattern\u00bb z_index=\u00bb\u00bb][vc_column offset=\u00bbvc_hidden-lg vc_hidden-md\u00bb][vc_single_image image=\u00bb315&#8243; img_size=\u00bbfull\u00bb css=\u00bb\u00bb qode_css_animation=\u00bb\u00bb][vc_row_inner row_type=\u00bbrow\u00bb type=\u00bbfull_width\u00bb text_align=\u00bbleft\u00bb css_animation=\u00bb\u00bb css=\u00bb.vc_custom_1718609547953{margin-right: 5px !important;margin-left: 5px !important;}\u00bb][vc_column_inner][vc_empty_space height=\u00bb30px\u00bb][vc_column_text css=\u00bb\u00bb]<\/p>\n<h2 style=\"text-align: left;\"><strong>Formaci\u00f3n<\/strong> para un Futuro Mejor<\/h2>\n<p>[\/vc_column_text][vc_empty_space height=\u00bb30px\u00bb][vc_column_text css=\u00bb\u00bb]<\/p>\n<p style=\"text-align: justify;\">Oferim formaci\u00f3 pr\u00e0ctica en diversos oficis per als joves del nostre barri. Aquest programa est\u00e0 dissenyat per proporcionar habilitats professionals que millorin les oportunitats laborals i contribueixin al desenvolupament de la comunitat.<\/p>\n<p>&nbsp;<\/p>\n<p style=\"text-align: justify;\"><strong>Oficios Actuales<\/strong><\/p>\n<p>&nbsp;<\/p>\n<p style=\"text-align: justify;\">Nuestro programa actual incluye la formaci\u00f3n en los siguientes oficios:<\/p>\n<p>&nbsp;<\/p>\n<p style=\"text-align: justify;\"><strong>\u2022 Mec\u00e1nica:<\/strong> 3 alumnos<br \/>\n<strong>\u2022 Decoraci\u00f3n y Pintura:<\/strong> 1 alumno<br \/>\n<strong>\u2022 Carpinter\u00eda:<\/strong> 2 alumnos<br \/>\n<strong>\u2022 Construcci\u00f3n con Aluminio:<\/strong> 3 alumnos<br \/>\n<strong>\u2022 Carrocer\u00eda y Chapa:<\/strong> 1 alumno<strong><br \/>\n<\/strong><\/p>\n<p>&nbsp;<\/p>\n<p style=\"text-align: justify;\">Estos cursos ofrecen una combinaci\u00f3n de aprendizaje te\u00f3rico y pr\u00e1ctico, impartido por profesionales experimentados que gu\u00edan a los alumnos en el desarrollo de sus habilidades.<\/p>\n<p>&nbsp;<\/p>\n<p style=\"text-align: justify;\">Nuestro programa de oficios es esencial para la formaci\u00f3n de los j\u00f3venes de Etetak, ya que les proporciona las herramientas necesarias para encontrar trabajos calificados y estables.<\/p>\n<p>&nbsp;<\/p>\n<p style=\"text-align: justify;\">A pesar del \u00e9xito de nuestro programa, tenemos una lista de espera de estudiantes que desean aprender nuevos oficios. Con tu ayuda, podemos ampliar nuestro programa e incluir m\u00e1s oficios, ofreciendo mayores oportunidades a m\u00e1s j\u00f3venes.<\/p>\n<p>[\/vc_column_text][vc_empty_space height=\u00bb30px\u00bb][vc_gallery type=\u00bbflexslider_slide\u00bb interval=\u00bb3&#8243; images=\u00bb343,341,321,319,324&#8243; img_size=\u00bbfull\u00bb css=\u00bb\u00bb direction_nav=\u00bbno\u00bb control_nav=\u00bbno\u00bb][vc_empty_space height=\u00bb30px\u00bb][\/vc_column_inner][\/vc_row_inner][\/vc_column][\/vc_row][vc_row css_animation=\u00bb\u00bb row_type=\u00bbrow\u00bb use_row_as_full_screen_section=\u00bbno\u00bb type=\u00bbfull_width\u00bb angled_section=\u00bbno\u00bb text_align=\u00bbleft\u00bb background_image_as_pattern=\u00bbwithout_pattern\u00bb z_index=\u00bb\u00bb anchor=\u00bboficis\u00bb][vc_column offset=\u00bbvc_hidden-sm vc_hidden-xs\u00bb][qode_elements_holder number_of_columns=\u00bbtwo_columns\u00bb][qode_elements_holder_item cover=\u00bbyes\u00bb advanced_animations=\u00bbno\u00bb background_image=\u00bb968&#8243; item_padding=\u00bb100px 150px\u00bb item_padding_1280_1440=\u00bb90px\u00bb item_padding_1024_1280=\u00bb80px\u00bb item_padding_768_1024=\u00bb60px\u00bb item_padding_600_768=\u00bb90px\u00bb item_padding_480_600=\u00bb90px 40px\u00bb item_padding_480=\u00bb90px 40px\u00bb custom_class=\u00bbbg-custom-hover-c\u00bb background_color=\u00bb#132129&#8243;][vc_empty_space height=\u00bb30px\u00bb]<div class=\"qode_vertical_separator\" style=\"height: 70px;width: 2px;background-color: #00c4b3\">\n<\/div>[vc_empty_space height=\u00bb30px\u00bb][vc_column_text css=\u00bb\u00bb]<\/p>\n<h2 style=\"text-align: left;\"><strong>Formaci\u00f3n<\/strong> para un Futuro Mejor<\/h2>\n<p>[\/vc_column_text][vc_empty_space height=\u00bb30px\u00bb][vc_column_text css=\u00bb\u00bb]<\/p>\n<p style=\"text-align: justify;\">Oferim formaci\u00f3 pr\u00e0ctica en diversos oficis per als joves del nostre barri. Aquest programa est\u00e0 dissenyat per proporcionar habilitats professionals que millorin les oportunitats laborals i contribueixin al desenvolupament de la comunitat.<\/p>\n<p>&nbsp;<\/p>\n<p style=\"text-align: justify;\"><strong>Oficios Actuales<\/strong><\/p>\n<p>&nbsp;<\/p>\n<p style=\"text-align: justify;\">Nuestro programa actual incluye la formaci\u00f3n en los siguientes oficios:<\/p>\n<p>&nbsp;<\/p>\n<p style=\"text-align: justify;\"><strong>\u2022 Mec\u00e1nica:<\/strong> 3 alumnos<br \/>\n<strong>\u2022 Decoraci\u00f3n y Pintura:<\/strong> 1 alumno<br \/>\n<strong>\u2022 Carpinter\u00eda:<\/strong> 2 alumnos<br \/>\n<strong>\u2022 Construcci\u00f3n con Aluminio:<\/strong> 3 alumnos<br \/>\n<strong>\u2022 Carrocer\u00eda y Chapa:<\/strong> 1 alumno<strong><br \/>\n<\/strong><\/p>\n<p>&nbsp;<\/p>\n<p style=\"text-align: justify;\">Estos cursos ofrecen una combinaci\u00f3n de aprendizaje te\u00f3rico y pr\u00e1ctico, impartido por profesionales experimentados que gu\u00edan a los alumnos en el desarrollo de sus habilidades.<\/p>\n<p>&nbsp;<\/p>\n<p style=\"text-align: justify;\">Nuestro programa de oficios es esencial para la formaci\u00f3n de los j\u00f3venes de Etetak, ya que les proporciona las herramientas necesarias para encontrar trabajos calificados y estables.<\/p>\n<p>&nbsp;<\/p>\n<p style=\"text-align: justify;\">A pesar del \u00e9xito de nuestro programa, tenemos una lista de espera de estudiantes que desean aprender nuevos oficios. Con tu ayuda, podemos ampliar nuestro programa e incluir m\u00e1s oficios, ofreciendo mayores oportunidades a m\u00e1s j\u00f3venes.<\/p>\n<p>[\/vc_column_text][vc_empty_space height=\u00bb30px\u00bb]<div class=\"qode_vertical_separator\" style=\"height: 70px;width: 2px;background-color: #00c4b3\">\n<\/div>[vc_empty_space height=\u00bb30px\u00bb][\/qode_elements_holder_item][qode_elements_holder_item cover=\u00bbyes\u00bb advanced_animations=\u00bbno\u00bb item_padding=\u00bb60px 100px\u00bb item_padding_1280_1440=\u00bb90px\u00bb item_padding_1024_1280=\u00bb80px\u00bb item_padding_768_1024=\u00bb60px\u00bb item_padding_600_768=\u00bb90px\u00bb item_padding_480_600=\u00bb90px 40px\u00bb item_padding_480=\u00bb90px 40px\u00bb custom_class=\u00bbbg-custom-hover-c\u00bb background_color=\u00bb#ededed\u00bb background_image=\u00bb34&#8243;][\/qode_elements_holder_item][\/qode_elements_holder][vc_gallery type=\u00bbimage_grid\u00bb images=\u00bb343,341,321,319,324&#8243; img_size=\u00bbfull\u00bb css=\u00bb\u00bb column_number=\u00bb5&#8243; grayscale=\u00bbno\u00bb images_space=\u00bbgallery_without_space\u00bb][\/vc_column][\/vc_row][vc_row css_animation=\u00bb\u00bb row_type=\u00bbrow\u00bb use_row_as_full_screen_section=\u00bbno\u00bb type=\u00bbfull_width\u00bb angled_section=\u00bbno\u00bb text_align=\u00bbleft\u00bb background_image_as_pattern=\u00bbwithout_pattern\u00bb z_index=\u00bb\u00bb][vc_column offset=\u00bbvc_hidden-lg vc_hidden-md\u00bb][vc_single_image image=\u00bb314&#8243; img_size=\u00bbfull\u00bb css=\u00bb\u00bb qode_css_animation=\u00bb\u00bb][vc_row_inner row_type=\u00bbrow\u00bb type=\u00bbfull_width\u00bb text_align=\u00bbleft\u00bb css_animation=\u00bb\u00bb css=\u00bb.vc_custom_1718609547953{margin-right: 5px !important;margin-left: 5px !important;}\u00bb][vc_column_inner][vc_empty_space height=\u00bb30px\u00bb][vc_column_text css=\u00bb\u00bb]<\/p>\n<h2 style=\"text-align: left;\">Recuperaci\u00f3n del <strong>F\u00fatbol Formativo<\/strong> en Etetak<\/h2>\n<p>[\/vc_column_text][vc_empty_space height=\u00bb30px\u00bb][vc_column_text css=\u00bb\u00bb]<\/p>\n<p style=\"text-align: justify;\">Nos complace anunciar la recuperaci\u00f3n del f\u00fatbol formativo para ni\u00f1os y ni\u00f1as del barrio de Etetak. Este emocionante programa ofrece una oportunidad \u00fanica para que los j\u00f3venes desarrollen habilidades deportivas, crezcan en valores y disfruten de una actividad saludable y divertida.<\/p>\n<p>&nbsp;<\/p>\n<p style=\"text-align: justify;\"><strong>Nuestro Programa de F\u00fatbol Formativo<\/strong><\/p>\n<p>&nbsp;<\/p>\n<p style=\"text-align: justify;\">Nuestro objetivo es proporcionar a los ni\u00f1os y ni\u00f1as de Etetak un espacio seguro y estimulante en el que puedan practicar el f\u00fatbol, \u200b\u200bdesarrollar sus habilidades y aprender valores importantes como el trabajo en equipo, la disciplina y el respeto. Creemos que el deporte es una poderosa herramienta para el desarrollo personal y comunitario.<\/p>\n<p>&nbsp;<\/p>\n<p style=\"text-align: justify;\"><strong>Participantes<strong><br \/>\n<\/strong><\/strong><\/p>\n<p>&nbsp;<\/p>\n<p style=\"text-align: justify;\">Actualmente, el programa acoge a 60 ni\u00f1os y ni\u00f1as con edades comprendidas entre los 6 y los 15 a\u00f1os. Estos j\u00f3venes deportistas se benefician de entrenamientos regulares, competiciones amistosas y actividades recreativas que fomentan su crecimiento tanto a nivel deportivo como personal.<\/p>\n<p>&nbsp;<\/p>\n<p style=\"text-align: justify;\">Los entrenamientos se realizan varias veces a la semana en campos locales recuperados y adaptados para la pr\u00e1ctica del f\u00fatbol.<\/p>\n<p>&nbsp;<\/p>\n<p style=\"text-align: justify;\">Los beneficios de ese programa van m\u00e1s all\u00e1 del campo de f\u00fatbol. Los ni\u00f1os y ni\u00f1as que participan en el programa de f\u00fatbol formativo experimentan:<\/p>\n<p>&nbsp;<\/p>\n<p style=\"text-align: justify;\">\u2022 <strong>Mejora en la Salud F\u00edsica:<\/strong> La actividad f\u00edsica regular ayuda a mantenerse en forma y saludables.<br \/>\n\u2022 <strong>Desarrollo Social:<\/strong> El f\u00fatbol fomenta las relaciones sociales y el trabajo en equipo.<br \/>\n\u2022 <strong>Crecimiento Personal:<\/strong> Los ni\u00f1os adquieren confianza y disciplina a trav\u00e9s del deporte.<br \/>\n\u2022 <strong>Inclusi\u00f3n e igualdad:<\/strong> Promovemos la igualdad de g\u00e9nero y la inclusi\u00f3n social a trav\u00e9s de la participaci\u00f3n mixta en las actividades.<\/p>\n<p>[\/vc_column_text][vc_empty_space height=\u00bb30px\u00bb][vc_gallery type=\u00bbflexslider_slide\u00bb interval=\u00bb3&#8243; images=\u00bb337,335,323,339,320&#8243; img_size=\u00bbfull\u00bb css=\u00bb\u00bb direction_nav=\u00bbno\u00bb control_nav=\u00bbno\u00bb][vc_empty_space height=\u00bb30px\u00bb][\/vc_column_inner][\/vc_row_inner][\/vc_column][\/vc_row][vc_row css_animation=\u00bb\u00bb row_type=\u00bbrow\u00bb use_row_as_full_screen_section=\u00bbno\u00bb type=\u00bbfull_width\u00bb angled_section=\u00bbno\u00bb text_align=\u00bbleft\u00bb background_image_as_pattern=\u00bbwithout_pattern\u00bb z_index=\u00bb\u00bb anchor=\u00bbfutbol\u00bb][vc_column offset=\u00bbvc_hidden-sm vc_hidden-xs\u00bb][qode_elements_holder number_of_columns=\u00bbtwo_columns\u00bb][qode_elements_holder_item cover=\u00bbyes\u00bb advanced_animations=\u00bbno\u00bb item_padding=\u00bb60px 100px\u00bb item_padding_1280_1440=\u00bb90px\u00bb item_padding_1024_1280=\u00bb80px\u00bb item_padding_768_1024=\u00bb60px\u00bb item_padding_600_768=\u00bb90px\u00bb item_padding_480_600=\u00bb90px 40px\u00bb item_padding_480=\u00bb90px 40px\u00bb custom_class=\u00bbbg-custom-hover-c\u00bb background_color=\u00bb#ededed\u00bb background_image=\u00bb36&#8243;][\/qode_elements_holder_item][qode_elements_holder_item cover=\u00bbyes\u00bb advanced_animations=\u00bbno\u00bb background_image=\u00bb968&#8243; item_padding=\u00bb100px 150px\u00bb item_padding_1280_1440=\u00bb90px\u00bb item_padding_1024_1280=\u00bb80px\u00bb item_padding_768_1024=\u00bb60px\u00bb item_padding_600_768=\u00bb90px\u00bb item_padding_480_600=\u00bb90px 40px\u00bb item_padding_480=\u00bb90px 40px\u00bb custom_class=\u00bbbg-custom-hover-c\u00bb background_color=\u00bb#132129&#8243;][vc_empty_space height=\u00bb30px\u00bb]<div class=\"qode_vertical_separator\" style=\"height: 70px;width: 2px;background-color: #00c4b3\">\n<\/div>[vc_empty_space height=\u00bb30px\u00bb][vc_column_text css=\u00bb\u00bb]<\/p>\n<h2 style=\"text-align: left;\">Recuperaci\u00f3n del <strong>F\u00fatbol Formativo<\/strong> en Etetak<\/h2>\n<p>[\/vc_column_text][vc_empty_space height=\u00bb30px\u00bb][vc_column_text css=\u00bb\u00bb]<\/p>\n<p style=\"text-align: justify;\">Nos complace anunciar la recuperaci\u00f3n del f\u00fatbol formativo para ni\u00f1os y ni\u00f1as del barrio de Etetak. Este emocionante programa ofrece una oportunidad \u00fanica para que los j\u00f3venes desarrollen habilidades deportivas, crezcan en valores y disfruten de una actividad saludable y divertida.<\/p>\n<p>&nbsp;<\/p>\n<p style=\"text-align: justify;\"><strong>Nuestro Programa de F\u00fatbol Formativo<\/strong><\/p>\n<p>&nbsp;<\/p>\n<p style=\"text-align: justify;\">Nuestro objetivo es proporcionar a los ni\u00f1os y ni\u00f1as de Etetak un espacio seguro y estimulante en el que puedan practicar el f\u00fatbol, \u200b\u200bdesarrollar sus habilidades y aprender valores importantes como el trabajo en equipo, la disciplina y el respeto. Creemos que el deporte es una poderosa herramienta para el desarrollo personal y comunitario.<\/p>\n<p>&nbsp;<\/p>\n<p style=\"text-align: justify;\"><strong>Participantes<strong><br \/>\n<\/strong><\/strong><\/p>\n<p>&nbsp;<\/p>\n<p style=\"text-align: justify;\">Actualmente, el programa acoge a 60 ni\u00f1os y ni\u00f1as con edades comprendidas entre los 6 y los 15 a\u00f1os. Estos j\u00f3venes deportistas se benefician de entrenamientos regulares, competiciones amistosas y actividades recreativas que fomentan su crecimiento tanto a nivel deportivo como personal.<\/p>\n<p>&nbsp;<\/p>\n<p style=\"text-align: justify;\">Los entrenamientos se realizan varias veces a la semana en campos locales recuperados y adaptados para la pr\u00e1ctica del f\u00fatbol.<\/p>\n<p>&nbsp;<\/p>\n<p style=\"text-align: justify;\">Los beneficios de ese programa van m\u00e1s all\u00e1 del campo de f\u00fatbol. Los ni\u00f1os y ni\u00f1as que participan en el programa de f\u00fatbol formativo experimentan:<\/p>\n<p>&nbsp;<\/p>\n<p style=\"text-align: justify;\">\u2022 <strong>Mejora en la Salud F\u00edsica:<\/strong> La actividad f\u00edsica regular ayuda a mantenerse en forma y saludables.<br \/>\n\u2022 <strong>Desarrollo Social:<\/strong> El f\u00fatbol fomenta las relaciones sociales y el trabajo en equipo.<br \/>\n\u2022 <strong>Crecimiento Personal:<\/strong> Los ni\u00f1os adquieren confianza y disciplina a trav\u00e9s del deporte.<br \/>\n\u2022 <strong>Inclusi\u00f3n e igualdad:<\/strong> Promovemos la igualdad de g\u00e9nero y la inclusi\u00f3n social a trav\u00e9s de la participaci\u00f3n mixta en las actividades.<\/p>\n<p>[\/vc_column_text][vc_empty_space height=\u00bb30px\u00bb]<div class=\"qode_vertical_separator\" style=\"height: 70px;width: 2px;background-color: #00c4b3\">\n<\/div>[vc_empty_space height=\u00bb30px\u00bb][\/qode_elements_holder_item][\/qode_elements_holder][vc_gallery type=\u00bbimage_grid\u00bb images=\u00bb337,335,323,339,320&#8243; img_size=\u00bbfull\u00bb css=\u00bb\u00bb column_number=\u00bb5&#8243; grayscale=\u00bbno\u00bb images_space=\u00bbgallery_without_space\u00bb][\/vc_column][\/vc_row][vc_row css_animation=\u00bb\u00bb row_type=\u00bbrow\u00bb use_row_as_full_screen_section=\u00bbno\u00bb type=\u00bbfull_width\u00bb angled_section=\u00bbno\u00bb text_align=\u00bbleft\u00bb background_image_as_pattern=\u00bbwithout_pattern\u00bb z_index=\u00bb\u00bb background_color=\u00bb#00c4b3&#8243;][vc_column offset=\u00bbvc_hidden-lg vc_hidden-md\u00bb][vc_single_image image=\u00bb317&#8243; img_size=\u00bbfull\u00bb css=\u00bb\u00bb qode_css_animation=\u00bb\u00bb][vc_row_inner row_type=\u00bbrow\u00bb type=\u00bbfull_width\u00bb text_align=\u00bbleft\u00bb css_animation=\u00bb\u00bb css=\u00bb.vc_custom_1718609547953{margin-right: 5px !important;margin-left: 5px !important;}\u00bb][vc_column_inner][vc_empty_space height=\u00bb30px\u00bb][vc_column_text css=\u00bb\u00bb]<\/p>\n<h2 style=\"text-align: justify; color: #132129;\">Etetak: Un Tesoro Escondido en el <strong>Coraz\u00f3n de Camer\u00fan<\/strong><\/h2>\n<p>[\/vc_column_text][vc_empty_space height=\u00bb30px\u00bb][vc_column_text css=\u00bb\u00bb]<\/p>\n<p style=\"text-align: justify; color: #132129;\">ETETAK es un peque\u00f1o barrio encantador situado en las afueras del norte de la ciudad de Yaund\u00e9. Este barrio destaca por su poblaci\u00f3n cosmopolita y heterog\u00e9nea, con habitantes provenientes de diversas regiones de Camer\u00fan, representando una rica mezcla de razas, grupos \u00e9tnicos y religiones que coexisten en armon\u00eda.<\/p>\n<p>&nbsp;<\/p>\n<p style=\"text-align: justify; color: #132129;\">El nombre ETETAK significa \u00abpeque\u00f1o punto de agua\u00bb, reflejando la historia de este barrio como un refugio para migrantes de todo Camer\u00fan, especialmente de zonas humildes. Pese a su modesta infraestructura y el bajo poder adquisitivo de sus habitantes, ETETAK es un ejemplo de comunidad resiliente.<\/p>\n<p>&nbsp;<\/p>\n<p style=\"text-align: justify; color: #132129;\">La calidad de vida en ETETAK enfrenta varios retos. El 75% de las casas est\u00e1n construidas con materiales precarios y el suministro de agua potable es una preocupaci\u00f3n constante. La compa\u00f1\u00eda de agua de Camer\u00fan no cubre por completo el barrio, haciendo dif\u00edcil y costoso para los residentes conectarse a la red.<\/p>\n<p>&nbsp;<\/p>\n<p style=\"text-align: justify; color: #132129;\">Con una poblaci\u00f3n estimada en casi 1500 personas, la mayor\u00eda de los habitantes dependen del agua de monta\u00f1a del bosque cercano. Todos los d\u00edas, desde muy temprano por la ma\u00f1ana hasta altas horas de la noche, mujeres, ni\u00f1os y hombres se adentran en el bosque para recoger agua para sus familias. Esta tarea es ardua ya menudo requiere esperar durante horas debido a la alta demanda en el punto de agua.<\/p>\n<p style=\"text-align: justify; color: #132129;\">El lugar en el que se encuentra el punto de agua no es saludable. Los instrumentos utilizados para encauzar y recoger el agua est\u00e1n hechos de materiales improvisados, lo que compromete la calidad del suministro.<\/p>\n<p>&nbsp;<\/p>\n<p style=\"text-align: justify; color: #132129;\">ETETAK necesita urgentemente mejoras en infraestructura y acceso a servicios b\u00e1sicos como agua potable. La comunidad sigue luchando por una vida mejor, y cualquier soporte para mejorar las condiciones de vida de sus habitantes ser\u00e1 bienvenido.<\/p>\n<p>[\/vc_column_text][vc_empty_space height=\u00bb30px\u00bb][\/vc_column_inner][\/vc_row_inner][\/vc_column][\/vc_row][vc_row css_animation=\u00bb\u00bb row_type=\u00bbrow\u00bb use_row_as_full_screen_section=\u00bbno\u00bb type=\u00bbfull_width\u00bb angled_section=\u00bbno\u00bb text_align=\u00bbleft\u00bb background_image_as_pattern=\u00bbwithout_pattern\u00bb z_index=\u00bb\u00bb anchor=\u00bbelbarri\u00bb][vc_column offset=\u00bbvc_hidden-sm vc_hidden-xs\u00bb][qode_elements_holder number_of_columns=\u00bbtwo_columns\u00bb][qode_elements_holder_item cover=\u00bbyes\u00bb advanced_animations=\u00bbno\u00bb background_image=\u00bb968&#8243; item_padding=\u00bb100px 150px\u00bb item_padding_1280_1440=\u00bb90px\u00bb item_padding_1024_1280=\u00bb80px\u00bb item_padding_768_1024=\u00bb60px\u00bb item_padding_600_768=\u00bb90px\u00bb item_padding_480_600=\u00bb90px 40px\u00bb item_padding_480=\u00bb90px 40px\u00bb custom_class=\u00bbbg-custom-hover-c\u00bb background_color=\u00bb#00c4b3&#8243;][vc_empty_space height=\u00bb30px\u00bb]<div class=\"qode_vertical_separator\" style=\"height: 70px;width: 2px;background-color: #132129\">\n<\/div>[vc_empty_space height=\u00bb30px\u00bb][vc_column_text css=\u00bb\u00bb]<\/p>\n<h2 style=\"text-align: justify; color: #132129;\">Etetak: Un Tesoro Escondido en el <strong>Coraz\u00f3n de Camer\u00fan<\/strong><\/h2>\n<p>[\/vc_column_text][vc_empty_space height=\u00bb30px\u00bb][vc_column_text css=\u00bb\u00bb]<\/p>\n<p style=\"text-align: justify; color: #132129;\">ETETAK es un peque\u00f1o barrio encantador situado en las afueras del norte de la ciudad de Yaund\u00e9. Este barrio destaca por su poblaci\u00f3n cosmopolita y heterog\u00e9nea, con habitantes provenientes de diversas regiones de Camer\u00fan, representando una rica mezcla de razas, grupos \u00e9tnicos y religiones que coexisten en armon\u00eda.<\/p>\n<p>&nbsp;<\/p>\n<p style=\"text-align: justify; color: #132129;\">El nombre ETETAK significa \u00abpeque\u00f1o punto de agua\u00bb, reflejando la historia de este barrio como un refugio para migrantes de todo Camer\u00fan, especialmente de zonas humildes. Pese a su modesta infraestructura y el bajo poder adquisitivo de sus habitantes, ETETAK es un ejemplo de comunidad resiliente.<\/p>\n<p>&nbsp;<\/p>\n<p style=\"text-align: justify; color: #132129;\">La calidad de vida en ETETAK enfrenta varios retos. El 75% de las casas est\u00e1n construidas con materiales precarios y el suministro de agua potable es una preocupaci\u00f3n constante. La compa\u00f1\u00eda de agua de Camer\u00fan no cubre por completo el barrio, haciendo dif\u00edcil y costoso para los residentes conectarse a la red.<\/p>\n<p>&nbsp;<\/p>\n<p style=\"text-align: justify; color: #132129;\">Con una poblaci\u00f3n estimada en casi 1500 personas, la mayor\u00eda de los habitantes dependen del agua de monta\u00f1a del bosque cercano. Todos los d\u00edas, desde muy temprano por la ma\u00f1ana hasta altas horas de la noche, mujeres, ni\u00f1os y hombres se adentran en el bosque para recoger agua para sus familias. Esta tarea es ardua ya menudo requiere esperar durante horas debido a la alta demanda en el punto de agua.<\/p>\n<p style=\"text-align: justify; color: #132129;\">El lugar en el que se encuentra el punto de agua no es saludable. Los instrumentos utilizados para encauzar y recoger el agua est\u00e1n hechos de materiales improvisados, lo que compromete la calidad del suministro.<\/p>\n<p>&nbsp;<\/p>\n<p style=\"text-align: justify; color: #132129;\">ETETAK necesita urgentemente mejoras en infraestructura y acceso a servicios b\u00e1sicos como agua potable. La comunidad sigue luchando por una vida mejor, y cualquier soporte para mejorar las condiciones de vida de sus habitantes ser\u00e1 bienvenido.<\/p>\n<p>[\/vc_column_text][vc_empty_space height=\u00bb30px\u00bb]<div class=\"qode_vertical_separator\" style=\"height: 70px;width: 2px;background-color: #132129\">\n<\/div>[vc_empty_space height=\u00bb30px\u00bb][\/qode_elements_holder_item][qode_elements_holder_item cover=\u00bbyes\u00bb advanced_animations=\u00bbno\u00bb item_padding=\u00bb60px 100px\u00bb item_padding_1280_1440=\u00bb90px\u00bb item_padding_1024_1280=\u00bb80px\u00bb item_padding_768_1024=\u00bb60px\u00bb item_padding_600_768=\u00bb90px\u00bb item_padding_480_600=\u00bb90px 40px\u00bb item_padding_480=\u00bb90px 40px\u00bb custom_class=\u00bbbg-custom-hover-c\u00bb background_color=\u00bb#ededed\u00bb background_image=\u00bb39&#8243;][\/qode_elements_holder_item][\/qode_elements_holder][\/vc_column][\/vc_row][vc_row css_animation=\u00bb\u00bb row_type=\u00bbrow\u00bb use_row_as_full_screen_section=\u00bbno\u00bb type=\u00bbfull_width\u00bb angled_section=\u00bbno\u00bb text_align=\u00bbleft\u00bb background_image_as_pattern=\u00bbwithout_pattern\u00bb][vc_column][vc_gmaps link=\u00bb#E-8_JTNDaWZyYW1lJTIwc3JjJTNEJTIyaHR0cHMlM0ElMkYlMkZ3d3cuZ29vZ2xlLmNvbSUyRm1hcHMlMkZlbWJlZCUzRnBiJTNEJTIxMW0xNCUyMTFtOCUyMTFtMyUyMTFkMTU5MjIuNzcwMzk4Mjk4NDclMjEyZDExLjQ3OTk4MzMlMjEzZDMuODc1OTQzOCUyMTNtMiUyMTFpMTAyNCUyMTJpNzY4JTIxNGYxMy4xJTIxM20zJTIxMW0yJTIxMXMweDEwOGJjZjAyNjQ0NDBmZGYlMjUzQTB4YjhhMTZmNGQ2NGRiYWQ5NiUyMTJ6UlhSbGRHRnJMQ0JaWVhWdVpNT3BMQ0JEWVcxbGNzTzZiZyUyMTVlMCUyMTNtMiUyMTFzZXMlMjEyc2VzJTIxNHYxNzE2OTc0NDIwMTMyJTIxNW0yJTIxMXNlcyUyMTJzZXMlMjIlMjB3aWR0aCUzRCUyMjYwMCUyMiUyMGhlaWdodCUzRCUyMjQ1MCUyMiUyMHN0eWxlJTNEJTIyYm9yZGVyJTNBMCUzQiUyMiUyMGFsbG93ZnVsbHNjcmVlbiUzRCUyMiUyMiUyMGxvYWRpbmclM0QlMjJsYXp5JTIyJTIwcmVmZXJyZXJwb2xpY3klM0QlMjJuby1yZWZlcnJlci13aGVuLWRvd25ncmFkZSUyMiUzRSUzQyUyRmlmcmFtZSUzRQ==\u00bb size=\u00bb300&#8243; css=\u00bb\u00bb][\/vc_column][\/vc_row][vc_row css_animation=\u00bb\u00bb row_type=\u00bbrow\u00bb use_row_as_full_screen_section=\u00bbno\u00bb type=\u00bbfull_width\u00bb angled_section=\u00bbno\u00bb text_align=\u00bbleft\u00bb background_image_as_pattern=\u00bbwithout_pattern\u00bb z_index=\u00bb\u00bb][vc_column offset=\u00bbvc_hidden-lg vc_hidden-md\u00bb][vc_single_image image=\u00bb349&#8243; img_size=\u00bbfull\u00bb css=\u00bb\u00bb qode_css_animation=\u00bb\u00bb][vc_row_inner row_type=\u00bbrow\u00bb type=\u00bbfull_width\u00bb text_align=\u00bbleft\u00bb css_animation=\u00bb\u00bb css=\u00bb.vc_custom_1718609547953{margin-right: 5px !important;margin-left: 5px !important;}\u00bb][vc_column_inner][vc_empty_space height=\u00bb30px\u00bb][vc_column_text css=\u00bb\u00bb]<\/p>\n<h2 style=\"text-align: left;\">Mejoras Esenciales para la Comunidad de Etetak<\/h2>\n<p>[\/vc_column_text][vc_empty_space height=\u00bb30px\u00bb][vc_column_text css=\u00bb\u00bb]<\/p>\n<p style=\"text-align: justify;\">En la Asociaci\u00f3n Educaci\u00f3n y Sanidad por Etetak, siempre estamos trabajando para mejorar la calidad de vida de los residentes de nuestro barrio. Con esta misi\u00f3n en mente, estamos emocionados de presentar nuestro Proyecto para 2025: la construcci\u00f3n de un pozo de agua potable. Este proyecto es crucial para la salud y bienestar de nuestra comunidad.<\/p>\n<p>&nbsp;<\/p>\n<p style=\"text-align: justify;\"><strong>Objetivos del Proyecto 2025: Pozo de Agua<\/strong><\/p>\n<p>&nbsp;<\/p>\n<p style=\"text-align: justify;\">Actualmente, el barrio de Etetak no recibe agua potable de Yaound\u00e9, lo que obliga a los residentes a buscar otras fuentes de agua que a menudo no son seguras. Esta situaci\u00f3n contribuye a problemas de salud graves como infecciones, amebas, c\u00f3lera y otras enfermedades transmitidas por el agua.<\/p>\n<p>&nbsp;<\/p>\n<p style=\"text-align: justify;\"><strong>Importancia del Pozo de Agua<\/strong><\/p>\n<p style=\"text-align: justify;\"><strong><br \/>\n<\/strong>La construcci\u00f3n de un pozo de agua potable en Etetak es una necesidad urgente por varios motivos:<strong><br \/>\n<strong><br \/>\n<\/strong><\/strong><\/p>\n<p>&nbsp;<\/p>\n<p style=\"text-align: justify;\">\u2022 <strong>Reducci\u00f3n de Enfermedades:<\/strong> El acceso a agua potable ayudar\u00e1 a reducir la incidencia de enfermedades como las infecciones intestinales, las amebas y el c\u00f3lera, que se propagan a trav\u00e9s del agua contaminada.<br \/>\n\u2022 <strong>Mejora de la Salud P\u00fablica:<\/strong> Con agua potable, la salud general de la poblaci\u00f3n mejorar\u00e1 significativamente, aumentando la esperanza de vida y reduciendo los gastos m\u00e9dicos.<br \/>\n\u2022 <strong>Estabilidad y Bienestar:<\/strong> El acceso fiable a agua potable proporcionar\u00e1 una mayor estabilidad y bienestar para todas las familias de Etetak.<\/p>\n<p>&nbsp;<\/p>\n<p style=\"text-align: justify;\">Este proyecto no s\u00f3lo mejorar\u00e1 la salud de los residentes, sino que tambi\u00e9n tendr\u00e1 un impacto positivo en otros muchos aspectos de la vida comunitaria:<\/p>\n<p>&nbsp;<\/p>\n<p style=\"text-align: justify;\">\u2022 <strong>Educaci\u00f3n:<\/strong> Los ni\u00f1os y ni\u00f1as podr\u00e1n asistir a la escuela con mayor regularidad y concentrarse mejor sin preocuparse por las enfermedades relacionadas con el agua.<br \/>\n\u2022 <strong>Econom\u00eda:<\/strong> Las familias ahorrar\u00e1n dinero en costes m\u00e9dicos y tiempo en la b\u00fasqueda de agua segura.<br \/>\n<strong>\u2022 Calidad de Vida:<\/strong> En general, el acceso a agua potable aumentar\u00e1 la calidad de vida en Etetak, haci\u00e9ndola una comunidad m\u00e1s saludable y resiliente.<\/p>\n<p>[\/vc_column_text][vc_empty_space height=\u00bb30px\u00bb][\/vc_column_inner][\/vc_row_inner][\/vc_column][\/vc_row][vc_row css_animation=\u00bb\u00bb row_type=\u00bbrow\u00bb use_row_as_full_screen_section=\u00bbno\u00bb type=\u00bbfull_width\u00bb angled_section=\u00bbno\u00bb text_align=\u00bbleft\u00bb background_image_as_pattern=\u00bbwithout_pattern\u00bb z_index=\u00bb\u00bb anchor=\u00bbprojectes\u00bb][vc_column offset=\u00bbvc_hidden-sm vc_hidden-xs\u00bb][qode_elements_holder number_of_columns=\u00bbtwo_columns\u00bb][qode_elements_holder_item cover=\u00bbyes\u00bb advanced_animations=\u00bbno\u00bb item_padding=\u00bb60px 100px\u00bb item_padding_1280_1440=\u00bb90px\u00bb item_padding_1024_1280=\u00bb80px\u00bb item_padding_768_1024=\u00bb60px\u00bb item_padding_600_768=\u00bb90px\u00bb item_padding_480_600=\u00bb90px 40px\u00bb item_padding_480=\u00bb90px 40px\u00bb custom_class=\u00bbbg-custom-hover-c\u00bb background_color=\u00bb#ededed\u00bb background_image=\u00bb83&#8243;][\/qode_elements_holder_item][qode_elements_holder_item cover=\u00bbyes\u00bb advanced_animations=\u00bbno\u00bb background_image=\u00bb968&#8243; item_padding=\u00bb100px 150px\u00bb item_padding_1280_1440=\u00bb90px\u00bb item_padding_1024_1280=\u00bb80px\u00bb item_padding_768_1024=\u00bb60px\u00bb item_padding_600_768=\u00bb90px\u00bb item_padding_480_600=\u00bb90px 40px\u00bb item_padding_480=\u00bb90px 40px\u00bb custom_class=\u00bbbg-custom-hover-c\u00bb background_color=\u00bb#132129&#8243;][vc_empty_space height=\u00bb30px\u00bb]<div class=\"qode_vertical_separator\" style=\"height: 70px;width: 2px;background-color: #00c4b3\">\n<\/div>[vc_empty_space height=\u00bb30px\u00bb][vc_column_text css=\u00bb\u00bb]<\/p>\n<h2 style=\"text-align: left;\">Mejoras Esenciales para la Comunidad de Etetak<\/h2>\n<p>[\/vc_column_text][vc_empty_space height=\u00bb30px\u00bb][vc_column_text css=\u00bb\u00bb]<\/p>\n<p style=\"text-align: justify;\">En la Asociaci\u00f3n Educaci\u00f3n y Sanidad por Etetak, siempre estamos trabajando para mejorar la calidad de vida de los residentes de nuestro barrio. Con esta misi\u00f3n en mente, estamos emocionados de presentar nuestro Proyecto para 2025: la construcci\u00f3n de un pozo de agua potable. Este proyecto es crucial para la salud y bienestar de nuestra comunidad.<\/p>\n<p>&nbsp;<\/p>\n<p style=\"text-align: justify;\"><strong>Objetivos del Proyecto 2025: Pozo de Agua<\/strong><\/p>\n<p>&nbsp;<\/p>\n<p style=\"text-align: justify;\">Actualmente, el barrio de Etetak no recibe agua potable de Yaound\u00e9, lo que obliga a los residentes a buscar otras fuentes de agua que a menudo no son seguras. Esta situaci\u00f3n contribuye a problemas de salud graves como infecciones, amebas, c\u00f3lera y otras enfermedades transmitidas por el agua.<\/p>\n<p>&nbsp;<\/p>\n<p style=\"text-align: justify;\"><strong>Importancia del Pozo de Agua<\/strong><\/p>\n<p style=\"text-align: justify;\"><strong><br \/>\n<\/strong>La construcci\u00f3n de un pozo de agua potable en Etetak es una necesidad urgente por varios motivos:<strong><br \/>\n<strong><br \/>\n<\/strong><\/strong><\/p>\n<p>&nbsp;<\/p>\n<p style=\"text-align: justify;\">\u2022 <strong>Reducci\u00f3n de Enfermedades:<\/strong> El acceso a agua potable ayudar\u00e1 a reducir la incidencia de enfermedades como las infecciones intestinales, las amebas y el c\u00f3lera, que se propagan a trav\u00e9s del agua contaminada.<br \/>\n\u2022 <strong>Mejora de la Salud P\u00fablica:<\/strong> Con agua potable, la salud general de la poblaci\u00f3n mejorar\u00e1 significativamente, aumentando la esperanza de vida y reduciendo los gastos m\u00e9dicos.<br \/>\n\u2022 <strong>Estabilidad y Bienestar:<\/strong> El acceso fiable a agua potable proporcionar\u00e1 una mayor estabilidad y bienestar para todas las familias de Etetak.<\/p>\n<p>&nbsp;<\/p>\n<p style=\"text-align: justify;\">Este proyecto no s\u00f3lo mejorar\u00e1 la salud de los residentes, sino que tambi\u00e9n tendr\u00e1 un impacto positivo en otros muchos aspectos de la vida comunitaria:<\/p>\n<p>&nbsp;<\/p>\n<p style=\"text-align: justify;\">\u2022 <strong>Educaci\u00f3n:<\/strong> Los ni\u00f1os y ni\u00f1as podr\u00e1n asistir a la escuela con mayor regularidad y concentrarse mejor sin preocuparse por las enfermedades relacionadas con el agua.<br \/>\n\u2022 <strong>Econom\u00eda:<\/strong> Las familias ahorrar\u00e1n dinero en costes m\u00e9dicos y tiempo en la b\u00fasqueda de agua segura.<br \/>\n<strong>\u2022 Calidad de Vida:<\/strong> En general, el acceso a agua potable aumentar\u00e1 la calidad de vida en Etetak, haci\u00e9ndola una comunidad m\u00e1s saludable y resiliente.<\/p>\n<p>[\/vc_column_text][vc_empty_space height=\u00bb30px\u00bb]<div class=\"qode_vertical_separator\" style=\"height: 70px;width: 2px;background-color: #00c4b3\">\n<\/div>[vc_empty_space height=\u00bb30px\u00bb][\/qode_elements_holder_item][\/qode_elements_holder][\/vc_column][\/vc_row][vc_row css_animation=\u00bb\u00bb row_type=\u00bbrow\u00bb use_row_as_full_screen_section=\u00bbno\u00bb type=\u00bbfull_width\u00bb angled_section=\u00bbno\u00bb text_align=\u00bbleft\u00bb background_image_as_pattern=\u00bbwithout_pattern\u00bb z_index=\u00bb\u00bb background_color=\u00bb#00c4b3&#8243;][vc_column offset=\u00bbvc_hidden-lg vc_hidden-md\u00bb][vc_single_image image=\u00bb350&#8243; img_size=\u00bbfull\u00bb css=\u00bb\u00bb qode_css_animation=\u00bb\u00bb][vc_row_inner row_type=\u00bbrow\u00bb type=\u00bbfull_width\u00bb text_align=\u00bbleft\u00bb css_animation=\u00bb\u00bb css=\u00bb.vc_custom_1718609547953{margin-right: 5px !important;margin-left: 5px !important;}\u00bb][vc_column_inner][vc_empty_space height=\u00bb30px\u00bb][vc_column_text css=\u00bb\u00bb]<\/p>\n<h2 style=\"text-align: justify; color: #132129;\">C\u00f3mo Puedes <strong>Ayudar<\/strong><\/h2>\n<p>[\/vc_column_text][vc_empty_space height=\u00bb30px\u00bb][vc_column_text css=\u00bb\u00bb]<\/p>\n<p style=\"text-align: justify; color: #132129;\">Para hacer realidad este proyecto, necesitamos el soporte y la colaboraci\u00f3n de personas como t\u00fa. Hay varias formas en las que puedes contribuir:<\/p>\n<p>&nbsp;<\/p>\n<p style=\"text-align: justify; color: #132129;\">\u2022 <strong>Donaciones:<\/strong> Las donaciones econ\u00f3micas ser\u00e1n esenciales para financiar la construcci\u00f3n del pozo y las instalaciones necesarias.<br \/>\n<strong>\u2022 Difusi\u00f3n:<\/strong> Ay\u00fadanos a difundir la palabra sobre este proyecto para conseguir m\u00e1s soporte y recursos.<\/p>\n<p>&nbsp;<\/p>\n<p style=\"text-align: justify; color: #132129;\">Si quieres colaborar con nosotros u obtener m\u00e1s informaci\u00f3n sobre c\u00f3mo puedes ayudar, ponte en contacto con nosotros a trav\u00e9s del correo electr\u00f3nico o el tel\u00e9fono:<\/p>\n<p>&nbsp;<\/p>\n<ul>\n<li><strong>Correo Electr\u00f3nico:<\/strong> pere@etetak.org<\/li>\n<li><strong>Tel\u00e9fono:<\/strong> +34 661 43 36 60<\/li>\n<\/ul>\n<p>&nbsp;<\/p>\n<h3 style=\"text-align: justify; color: #132129;\">\u00a1Gracias por tu apoyo e implicaci\u00f3n! Juntos podemos construir un mejor futuro para la comunidad de Etetak.<\/h3>\n<p>[\/vc_column_text][vc_empty_space height=\u00bb30px\u00bb][\/vc_column_inner][\/vc_row_inner][\/vc_column][\/vc_row][vc_row css_animation=\u00bb\u00bb row_type=\u00bbrow\u00bb use_row_as_full_screen_section=\u00bbno\u00bb type=\u00bbfull_width\u00bb angled_section=\u00bbno\u00bb text_align=\u00bbleft\u00bb background_image_as_pattern=\u00bbwithout_pattern\u00bb z_index=\u00bb\u00bb anchor=\u00bbcolabora\u00bb][vc_column offset=\u00bbvc_hidden-sm vc_hidden-xs\u00bb][qode_elements_holder number_of_columns=\u00bbtwo_columns\u00bb][qode_elements_holder_item cover=\u00bbyes\u00bb advanced_animations=\u00bbno\u00bb background_image=\u00bb968&#8243; item_padding=\u00bb100px 150px\u00bb item_padding_1280_1440=\u00bb90px\u00bb item_padding_1024_1280=\u00bb80px\u00bb item_padding_768_1024=\u00bb60px\u00bb item_padding_600_768=\u00bb90px\u00bb item_padding_480_600=\u00bb90px 40px\u00bb item_padding_480=\u00bb90px 40px\u00bb custom_class=\u00bbbg-custom-hover-c\u00bb background_color=\u00bb#00c4b3&#8243;][vc_empty_space height=\u00bb30px\u00bb]<div class=\"qode_vertical_separator\" style=\"height: 70px;width: 2px;background-color: #132129\">\n<\/div>[vc_empty_space height=\u00bb30px\u00bb][vc_column_text css=\u00bb\u00bb]<\/p>\n<h2 style=\"text-align: justify; color: #132129;\">C\u00f3mo Puedes <strong>Ayudar<\/strong><\/h2>\n<p>[\/vc_column_text][vc_empty_space height=\u00bb30px\u00bb][vc_column_text css=\u00bb\u00bb]<\/p>\n<p style=\"text-align: justify; color: #132129;\">Para hacer realidad este proyecto, necesitamos el soporte y la colaboraci\u00f3n de personas como t\u00fa. Hay varias formas en las que puedes contribuir:<\/p>\n<p>&nbsp;<\/p>\n<p style=\"text-align: justify; color: #132129;\">\u2022 <strong>Donaciones:<\/strong> Las donaciones econ\u00f3micas ser\u00e1n esenciales para financiar la construcci\u00f3n del pozo y las instalaciones necesarias.<br \/>\n<strong>\u2022 Difusi\u00f3n:<\/strong> Ay\u00fadanos a difundir la palabra sobre este proyecto para conseguir m\u00e1s soporte y recursos.<\/p>\n<p>&nbsp;<\/p>\n<p style=\"text-align: justify; color: #132129;\">Si quieres colaborar con nosotros u obtener m\u00e1s informaci\u00f3n sobre c\u00f3mo puedes ayudar, ponte en contacto con nosotros a trav\u00e9s del correo electr\u00f3nico o el tel\u00e9fono:<\/p>\n<p>&nbsp;<\/p>\n<ul>\n<li><strong>Correo Electr\u00f3nico:<\/strong> pere@etetak.org<\/li>\n<li><strong>Tel\u00e9fono:<\/strong> +34 661 43 36 60<\/li>\n<\/ul>\n<p>&nbsp;<\/p>\n<h3 style=\"text-align: justify; color: #132129;\">\u00a1Gracias por tu apoyo e implicaci\u00f3n! Juntos podemos construir un mejor futuro para la comunidad de Etetak.<\/h3>\n<p>[\/vc_column_text][vc_empty_space height=\u00bb30px\u00bb]<div class=\"qode_vertical_separator\" style=\"height: 70px;width: 2px;background-color: #132129\">\n<\/div>[vc_empty_space height=\u00bb30px\u00bb][\/qode_elements_holder_item][qode_elements_holder_item cover=\u00bbyes\u00bb advanced_animations=\u00bbno\u00bb item_padding=\u00bb60px 100px\u00bb item_padding_1280_1440=\u00bb90px\u00bb item_padding_1024_1280=\u00bb80px\u00bb item_padding_768_1024=\u00bb60px\u00bb item_padding_600_768=\u00bb90px\u00bb item_padding_480_600=\u00bb90px 40px\u00bb item_padding_480=\u00bb90px 40px\u00bb custom_class=\u00bbbg-custom-hover-c\u00bb background_color=\u00bb#ededed\u00bb background_image=\u00bb84&#8243;][\/qode_elements_holder_item][\/qode_elements_holder][\/vc_column][\/vc_row]<\/p>\n<\/div>","protected":false},"excerpt":{"rendered":"<p>[vc_row css_animation=\u00bb\u00bb row_type=\u00bbrow\u00bb use_row_as_full_screen_section=\u00bbno\u00bb type=\u00bbfull_width\u00bb angled_section=\u00bbno\u00bb text_align=\u00bbleft\u00bb background_image_as_pattern=\u00bbwithout_pattern\u00bb][vc_column offset=\u00bbvc_hidden-sm vc_hidden-xs\u00bb][vc_single_image image=\u00bb310&#8243; img_size=\u00bbfull\u00bb css=\u00bb\u00bb qode_css_animation=\u00bb\u00bb][\/vc_column][\/vc_row][vc_row css_animation=\u00bb\u00bb row_type=\u00bbrow\u00bb use_row_as_full_screen_section=\u00bbno\u00bb type=\u00bbfull_width\u00bb angled_section=\u00bbno\u00bb text_align=\u00bbleft\u00bb background_image_as_pattern=\u00bbwithout_pattern\u00bb][vc_column offset=\u00bbvc_hidden-sm vc_hidden-xs\u00bb][vc_empty_space height=\u00bb50px\u00bb][vc_column_text css=\u00bb\u00bb] Una ventana abierta a las oportunidades . [\/vc_column_text][vc_column_text css=\u00bb\u00bb] Damos una oportunidad a las ni\u00f1as y ni\u00f1os del barrio de&#8230;<\/p>\n","protected":false},"author":2,"featured_media":0,"parent":0,"menu_order":0,"comment_status":"closed","ping_status":"closed","template":"full_width.php","meta":{"footnotes":""},"class_list":["post-433","page","type-page","status-publish","hentry"],"yoast_head":"<!-- This site is optimized with the Yoast SEO plugin v27.4 - https:\/\/yoast.com\/product\/yoast-seo-wordpress\/ -->\n<title>Inicio - etetak.org<\/title>\n<meta name=\"robots\" content=\"index, follow, max-snippet:-1, max-image-preview:large, max-video-preview:-1\" \/>\n<link rel=\"canonical\" href=\"https:\/\/etetak.org\/es\/\" \/>\n<meta property=\"og:locale\" content=\"es_ES\" \/>\n<meta property=\"og:type\" content=\"article\" \/>\n<meta property=\"og:title\" content=\"Inicio - etetak.org\" \/>\n<meta property=\"og:description\" content=\"[vc_row css_animation=\u00bb\u00bb row_type=\u00bbrow\u00bb use_row_as_full_screen_section=\u00bbno\u00bb type=\u00bbfull_width\u00bb angled_section=\u00bbno\u00bb text_align=\u00bbleft\u00bb background_image_as_pattern=\u00bbwithout_pattern\u00bb][vc_column offset=\u00bbvc_hidden-sm vc_hidden-xs\u00bb][vc_single_image image=\u00bb310&#8243; img_size=\u00bbfull\u00bb css=\u00bb\u00bb qode_css_animation=\u00bb\u00bb][\/vc_column][\/vc_row][vc_row css_animation=\u00bb\u00bb row_type=\u00bbrow\u00bb use_row_as_full_screen_section=\u00bbno\u00bb type=\u00bbfull_width\u00bb angled_section=\u00bbno\u00bb text_align=\u00bbleft\u00bb background_image_as_pattern=\u00bbwithout_pattern\u00bb][vc_column offset=\u00bbvc_hidden-sm vc_hidden-xs\u00bb][vc_empty_space height=\u00bb50px\u00bb][vc_column_text css=\u00bb\u00bb] Una ventana abierta a las oportunidades . [\/vc_column_text][vc_column_text css=\u00bb\u00bb] Damos una oportunidad a las ni\u00f1as y ni\u00f1os del barrio de...\" \/>\n<meta property=\"og:url\" content=\"https:\/\/etetak.org\/es\/\" \/>\n<meta property=\"og:site_name\" content=\"etetak.org\" \/>\n<meta property=\"article:publisher\" content=\"https:\/\/www.facebook.com\/etetak.org\" \/>\n<meta property=\"article:modified_time\" content=\"2025-12-10T10:46:47+00:00\" \/>\n<meta name=\"twitter:card\" content=\"summary_large_image\" \/>\n<script type=\"application\/ld+json\" class=\"yoast-schema-graph\">{\"@context\":\"https:\\\/\\\/schema.org\",\"@graph\":[{\"@type\":\"WebPage\",\"@id\":\"https:\\\/\\\/etetak.org\\\/es\\\/\",\"url\":\"https:\\\/\\\/etetak.org\\\/es\\\/\",\"name\":\"Inicio - etetak.org\",\"isPartOf\":{\"@id\":\"https:\\\/\\\/etetak.org\\\/#website\"},\"datePublished\":\"2024-05-29T06:18:02+00:00\",\"dateModified\":\"2025-12-10T10:46:47+00:00\",\"breadcrumb\":{\"@id\":\"https:\\\/\\\/etetak.org\\\/es\\\/#breadcrumb\"},\"inLanguage\":\"es\",\"potentialAction\":[{\"@type\":\"ReadAction\",\"target\":[\"https:\\\/\\\/etetak.org\\\/es\\\/\"]}]},{\"@type\":\"BreadcrumbList\",\"@id\":\"https:\\\/\\\/etetak.org\\\/es\\\/#breadcrumb\",\"itemListElement\":[{\"@type\":\"ListItem\",\"position\":1,\"name\":\"Portada\",\"item\":\"https:\\\/\\\/etetak.org\\\/es\\\/\"},{\"@type\":\"ListItem\",\"position\":2,\"name\":\"Inicio\"}]},{\"@type\":\"WebSite\",\"@id\":\"https:\\\/\\\/etetak.org\\\/#website\",\"url\":\"https:\\\/\\\/etetak.org\\\/\",\"name\":\"etetak.org\",\"description\":\"Educaci\u00f3 i Sanitat per a Etetak\",\"publisher\":{\"@id\":\"https:\\\/\\\/etetak.org\\\/#organization\"},\"potentialAction\":[{\"@type\":\"SearchAction\",\"target\":{\"@type\":\"EntryPoint\",\"urlTemplate\":\"https:\\\/\\\/etetak.org\\\/?s={search_term_string}\"},\"query-input\":{\"@type\":\"PropertyValueSpecification\",\"valueRequired\":true,\"valueName\":\"search_term_string\"}}],\"inLanguage\":\"es\"},{\"@type\":\"Organization\",\"@id\":\"https:\\\/\\\/etetak.org\\\/#organization\",\"name\":\"etetak.org\",\"url\":\"https:\\\/\\\/etetak.org\\\/\",\"logo\":{\"@type\":\"ImageObject\",\"inLanguage\":\"es\",\"@id\":\"https:\\\/\\\/etetak.org\\\/#\\\/schema\\\/logo\\\/image\\\/\",\"url\":\"https:\\\/\\\/etetak.org\\\/wp-content\\\/uploads\\\/2024\\\/05\\\/logo.png\",\"contentUrl\":\"https:\\\/\\\/etetak.org\\\/wp-content\\\/uploads\\\/2024\\\/05\\\/logo.png\",\"width\":1500,\"height\":503,\"caption\":\"etetak.org\"},\"image\":{\"@id\":\"https:\\\/\\\/etetak.org\\\/#\\\/schema\\\/logo\\\/image\\\/\"},\"sameAs\":[\"https:\\\/\\\/www.facebook.com\\\/etetak.org\",\"https:\\\/\\\/www.instagram.com\\\/etetak_org\\\/\"]}]}<\/script>\n<!-- \/ Yoast SEO plugin. -->","yoast_head_json":{"title":"Inicio - etetak.org","robots":{"index":"index","follow":"follow","max-snippet":"max-snippet:-1","max-image-preview":"max-image-preview:large","max-video-preview":"max-video-preview:-1"},"canonical":"https:\/\/etetak.org\/es\/","og_locale":"es_ES","og_type":"article","og_title":"Inicio - etetak.org","og_description":"[vc_row css_animation=\u00bb\u00bb row_type=\u00bbrow\u00bb use_row_as_full_screen_section=\u00bbno\u00bb type=\u00bbfull_width\u00bb angled_section=\u00bbno\u00bb text_align=\u00bbleft\u00bb background_image_as_pattern=\u00bbwithout_pattern\u00bb][vc_column offset=\u00bbvc_hidden-sm vc_hidden-xs\u00bb][vc_single_image image=\u00bb310&#8243; img_size=\u00bbfull\u00bb css=\u00bb\u00bb qode_css_animation=\u00bb\u00bb][\/vc_column][\/vc_row][vc_row css_animation=\u00bb\u00bb row_type=\u00bbrow\u00bb use_row_as_full_screen_section=\u00bbno\u00bb type=\u00bbfull_width\u00bb angled_section=\u00bbno\u00bb text_align=\u00bbleft\u00bb background_image_as_pattern=\u00bbwithout_pattern\u00bb][vc_column offset=\u00bbvc_hidden-sm vc_hidden-xs\u00bb][vc_empty_space height=\u00bb50px\u00bb][vc_column_text css=\u00bb\u00bb] Una ventana abierta a las oportunidades . [\/vc_column_text][vc_column_text css=\u00bb\u00bb] Damos una oportunidad a las ni\u00f1as y ni\u00f1os del barrio de...","og_url":"https:\/\/etetak.org\/es\/","og_site_name":"etetak.org","article_publisher":"https:\/\/www.facebook.com\/etetak.org","article_modified_time":"2025-12-10T10:46:47+00:00","twitter_card":"summary_large_image","schema":{"@context":"https:\/\/schema.org","@graph":[{"@type":"WebPage","@id":"https:\/\/etetak.org\/es\/","url":"https:\/\/etetak.org\/es\/","name":"Inicio - etetak.org","isPartOf":{"@id":"https:\/\/etetak.org\/#website"},"datePublished":"2024-05-29T06:18:02+00:00","dateModified":"2025-12-10T10:46:47+00:00","breadcrumb":{"@id":"https:\/\/etetak.org\/es\/#breadcrumb"},"inLanguage":"es","potentialAction":[{"@type":"ReadAction","target":["https:\/\/etetak.org\/es\/"]}]},{"@type":"BreadcrumbList","@id":"https:\/\/etetak.org\/es\/#breadcrumb","itemListElement":[{"@type":"ListItem","position":1,"name":"Portada","item":"https:\/\/etetak.org\/es\/"},{"@type":"ListItem","position":2,"name":"Inicio"}]},{"@type":"WebSite","@id":"https:\/\/etetak.org\/#website","url":"https:\/\/etetak.org\/","name":"etetak.org","description":"Educaci\u00f3 i Sanitat per a Etetak","publisher":{"@id":"https:\/\/etetak.org\/#organization"},"potentialAction":[{"@type":"SearchAction","target":{"@type":"EntryPoint","urlTemplate":"https:\/\/etetak.org\/?s={search_term_string}"},"query-input":{"@type":"PropertyValueSpecification","valueRequired":true,"valueName":"search_term_string"}}],"inLanguage":"es"},{"@type":"Organization","@id":"https:\/\/etetak.org\/#organization","name":"etetak.org","url":"https:\/\/etetak.org\/","logo":{"@type":"ImageObject","inLanguage":"es","@id":"https:\/\/etetak.org\/#\/schema\/logo\/image\/","url":"https:\/\/etetak.org\/wp-content\/uploads\/2024\/05\/logo.png","contentUrl":"https:\/\/etetak.org\/wp-content\/uploads\/2024\/05\/logo.png","width":1500,"height":503,"caption":"etetak.org"},"image":{"@id":"https:\/\/etetak.org\/#\/schema\/logo\/image\/"},"sameAs":["https:\/\/www.facebook.com\/etetak.org","https:\/\/www.instagram.com\/etetak_org\/"]}]}},"_links":{"self":[{"href":"https:\/\/etetak.org\/es\/wp-json\/wp\/v2\/pages\/433","targetHints":{"allow":["GET"]}}],"collection":[{"href":"https:\/\/etetak.org\/es\/wp-json\/wp\/v2\/pages"}],"about":[{"href":"https:\/\/etetak.org\/es\/wp-json\/wp\/v2\/types\/page"}],"author":[{"embeddable":true,"href":"https:\/\/etetak.org\/es\/wp-json\/wp\/v2\/users\/2"}],"replies":[{"embeddable":true,"href":"https:\/\/etetak.org\/es\/wp-json\/wp\/v2\/comments?post=433"}],"version-history":[{"count":4,"href":"https:\/\/etetak.org\/es\/wp-json\/wp\/v2\/pages\/433\/revisions"}],"predecessor-version":[{"id":521,"href":"https:\/\/etetak.org\/es\/wp-json\/wp\/v2\/pages\/433\/revisions\/521"}],"wp:attachment":[{"href":"https:\/\/etetak.org\/es\/wp-json\/wp\/v2\/media?parent=433"}],"curies":[{"name":"wp","href":"https:\/\/api.w.org\/{rel}","templated":true}]}}